{"id":7,"date":"2015-11-01T10:00:34","date_gmt":"2015-11-01T10:00:34","guid":{"rendered":"http:\/\/www.sejour-culinair.fr\/wordpress\/?page_id=7"},"modified":"2022-12-04T11:03:14","modified_gmt":"2022-12-04T11:03:14","slug":"about-the-owners","status":"publish","type":"page","link":"https:\/\/www.sejour-culinair.fr\/fr\/about-the-owners\/","title":{"rendered":"A propos des propri\u00e9taires"},"content":{"rendered":"<p><div id=\"attachment_8\" style=\"width: 3658px\" class=\"wp-caption alignnone\"><a href=\"http:\/\/www.sejour-culinair.fr\/wordpress\/wp-content\/uploads\/2015\/11\/booking_we.jpg\"><img aria-describedby=\"caption-attachment-8\" decoding=\"async\" loading=\"lazy\" src=\"http:\/\/www.sejour-culinair.fr\/wordpress\/wp-content\/uploads\/2015\/11\/booking_we.jpg\" alt=\"We\" width=\"3648\" height=\"2670\" class=\"size-full wp-image-8\" srcset=\"https:\/\/www.sejour-culinair.fr\/wordpress\/wp-content\/uploads\/2015\/11\/booking_we.jpg 3648w, https:\/\/www.sejour-culinair.fr\/wordpress\/wp-content\/uploads\/2015\/11\/booking_we-300x220.jpg 300w, https:\/\/www.sejour-culinair.fr\/wordpress\/wp-content\/uploads\/2015\/11\/booking_we-1024x749.jpg 1024w\" sizes=\"(max-width: 3648px) 100vw, 3648px\" \/><\/a><p id=\"caption-attachment-8\" class=\"wp-caption-text\">Jakob et Cornelis<\/p><\/div><\/p>\n<p>Jakob et Cornelis, couple n\u00e9\u00e9rlandais, sont les propri\u00e9taires de Le cuisinier en Combraille.<img decoding=\"async\" loading=\"lazy\" class=\"alignright size-medium wp-image-3109\" title=\"D\u00e9jeuner ur l\u00b4herbe\" src=\"http:\/\/www.sejour-culinair.fr\/wordpress\/wp-content\/uploads\/2016\/02\/table-in-the-garden.jpg\" alt=\"D\u00e9jeuner ur l\u00b4herbe\" width=\"150\" height=\"150\" \/> \u00c0 partir de 2005, ils ont cr\u00e9\u00e9 Le cuisinier en Combraille dans un havre de bien-\u00eatre au milieu du paysage vallonn\u00e9 des Combrailles. Jakob a suivi une formation de cuisinier aux Pays-Bas, mais il n&rsquo;aimait pas travailler dans la cuisine d&rsquo;un restaurant. \u00c0 Amsterdam, il a trouv\u00e9 du travail comme fleuriste dans une fleuristerie renomm\u00e9e. \u00c0 Vergheas, il peut d\u00e9sormais combiner ses deux passions. Jakob est un cuisinier passionn\u00e9 (et jardinier), qui aime g\u00e2ter ses invit\u00e9s. Cornelis prend soin de l&rsquo;aspect organisationnel et veille \u00e0 ce qu&rsquo;il y ait assez du vin \u00e0 boire.<\/p>","protected":false},"excerpt":{"rendered":"<p>D\u00e9sol\u00e9, cet article est seulement disponible en Anglais Am\u00e9ricain. Pour le confort de l\u2019utilisateur, le contenu est affich\u00e9 ci-dessous dans une autre langue. Vous pouvez cliquer le lien pour changer de langue active. Jacco and Cees (a Dutch couple) are&#8230; <\/p>\n","protected":false},"author":1,"featured_media":0,"parent":0,"menu_order":0,"comment_status":"closed","ping_status":"closed","template":"template-left-sidebar.php","meta":[],"_links":{"self":[{"href":"https:\/\/www.sejour-culinair.fr\/fr\/wp-json\/wp\/v2\/pages\/7"}],"collection":[{"href":"https:\/\/www.sejour-culinair.fr\/fr\/wp-json\/wp\/v2\/pages"}],"about":[{"href":"https:\/\/www.sejour-culinair.fr\/fr\/wp-json\/wp\/v2\/types\/page"}],"author":[{"embeddable":true,"href":"https:\/\/www.sejour-culinair.fr\/fr\/wp-json\/wp\/v2\/users\/1"}],"replies":[{"embeddable":true,"href":"https:\/\/www.sejour-culinair.fr\/fr\/wp-json\/wp\/v2\/comments?post=7"}],"version-history":[{"count":5,"href":"https:\/\/www.sejour-culinair.fr\/fr\/wp-json\/wp\/v2\/pages\/7\/revisions"}],"predecessor-version":[{"id":1829,"href":"https:\/\/www.sejour-culinair.fr\/fr\/wp-json\/wp\/v2\/pages\/7\/revisions\/1829"}],"wp:attachment":[{"href":"https:\/\/www.sejour-culinair.fr\/fr\/wp-json\/wp\/v2\/media?parent=7"}],"curies":[{"name":"wp","href":"https:\/\/api.w.org\/{rel}","templated":true}]}}